{"id":7785,"date":"2023-12-02T20:36:12","date_gmt":"2023-12-02T19:36:12","guid":{"rendered":"https:\/\/przyslop.pl\/?page_id=7785"},"modified":"2023-12-02T20:36:12","modified_gmt":"2023-12-02T19:36:12","slug":"podstawowe-kursy-skiturowe","status":"publish","type":"page","link":"https:\/\/przyslop.pl\/index.php\/podstawowe-kursy-skiturowe\/","title":{"rendered":"Podstawowe kursy skiturowe"},"content":{"rendered":"<p><section class=\"kc-elm kc-css-185378 kc_row pageWhite\"><div class=\"kc-row-container  kc-container\"><div class=\"kc-wrap-columns\"><div class=\"kc-elm kc-css-100944 kc_col-sm-12 kc_column kc_col-sm-12\"><div class=\"kc-col-container\"><div class=\"kc-elm kc-css-510804 kc_shortcode kc_single_image\">\n\n        <img decoding=\"async\" src=\"https:\/\/i0.wp.com\/przyslop.pl\/wp-content\/uploads\/2023\/10\/skitur_logo.png?fit=300%2C341&ssl=1\" class=\"\" alt=\"\" \/>    <\/div>\n\n<div class=\"kc-elm kc-css-866798 kc-title-wrap \">\n\n\t<p class=\"kc_title pageHeader\">CZYM SI\u0118 WYR\u00d3\u017bNIAMY<\/p>\n<\/div>\n<div class=\"kc-elm kc-css-306992 kc_text_block pageText\"><\/p>\n<ul>\n<li>do\u015bwiadczona kadra, ratownicy, goprowcy, skiturowcy, alpini\u015bci himalai\u015bci \u2013 osoby z pot\u0119\u017cnym do\u015bwiadczeniem praktycznym i szerok\u0105 wiedz\u0105 teoretyczn\u0105, pasjonaci g\u00f3r, osoby profesjonalne i zawodowo zwi\u0105zane z g\u00f3rami<\/li>\n<li>ma\u0142e grupy 2-5os gwarantuj\u0105ce efektywn\u0105 nauk\u0119 oraz indywidualne podej\u015bcie,<\/li>\n<li>kameralny rejon g\u00f3rski: bez t\u0142oku, idealny do \u201ezresetowania g\u0142owy\u201d i obcowania z g\u00f3rami w spos\u00f3b nieskr\u0119powany,<\/li>\n<li>zr\u00f3\u017cnicowane trasy: r\u00f3wnie\u017c dla os\u00f3b o s\u0142abszych umiej\u0119tno\u015bciach narciarskich,<\/li>\n<li>schronisko jak \u017cadne inne: pyszne jedzenie, estetyczne pokoje, niepowtarzalny klimat,<\/li>\n<li><strong>w przypadku kurs\u00f3w z elementami technicznymi niezb\u0119dny sprz\u0119t w cenie (np. lawinowe ABC, kask, uprz\u0105\u017c, liny itp.).<\/strong><\/li>\n<\/ul>\n<p>\n<\/div><\/div><\/div><\/div><\/div><\/section><section class=\"kc-elm kc-css-482170 kc_row\"><div class=\"kc-row-container  kc-container  pageGallery pageWhite\"><div class=\"kc-wrap-columns\"><div class=\"kc-elm kc-css-291308 kc_col-sm-4 kc_column kc_col-sm-4\"><div class=\"kc-col-container\"><div class=\"kc-elm kc-css-268663 kc_shortcode kc_single_image\">\n\n        <img decoding=\"async\" src=\"https:\/\/i0.wp.com\/przyslop.pl\/wp-content\/uploads\/2023\/11\/z_1.jpg?fit=480%2C320&ssl=1\" class=\"\" alt=\"\" \/>    <\/div>\n<\/div><\/div><div class=\"kc-elm kc-css-499056 kc_col-sm-4 kc_column kc_col-sm-4\"><div class=\"kc-col-container\"><div class=\"kc-elm kc-css-268107 kc_shortcode kc_single_image\">\n\n        <img decoding=\"async\" src=\"https:\/\/i0.wp.com\/przyslop.pl\/wp-content\/uploads\/2023\/11\/z_2.jpg?fit=480%2C320&ssl=1\" class=\"\" alt=\"\" \/>    <\/div>\n<\/div><\/div><div class=\"kc-elm kc-css-687507 kc_col-sm-4 kc_column kc_col-sm-4\"><div class=\"kc-col-container\"><div class=\"kc-elm kc-css-75495 kc_shortcode kc_single_image\">\n\n        <img decoding=\"async\" src=\"https:\/\/i0.wp.com\/przyslop.pl\/wp-content\/uploads\/2023\/11\/z_3.jpg?fit=480%2C320&ssl=1\" class=\"\" alt=\"\" \/>    <\/div>\n<\/div><\/div><\/div><\/div><\/section><section class=\"kc-elm kc-css-766504 kc_row pageBlue\"><div class=\"kc-row-container  kc-container\"><div class=\"kc-wrap-columns\"><div class=\"kc-elm kc-css-646333 kc_col-sm-12 kc_column kc_col-sm-12\"><div class=\"kc-col-container\">\n<div class=\"kc-elm kc-css-737303 kc-title-wrap \">\n\n\t<p class=\"kc_title pageHeader\">Beskid \u015al\u0105ski<\/p>\n<\/div>\n<div class=\"kc-elm kc-css-343684 kc_text_block pageText\"><\/p>\n<p>\n<strong>TO bez w\u0105tpienia region, kt\u00f3ry warto odwiedzi\u0107 zim\u0105 pod k\u0105tem skitur\u00f3w!<\/strong> Niepowtarzalne widoki pocz\u0105wszy do Beskidu \u017bywieckiego, przez Tatry, Ma\u0142\u0105 Fatr\u0119 czy nawet Sudety w oddali. <strong>\u0141agodno\u015b\u0107 Beskid\u00f3w, r\u00f3\u017cnorodno\u015b\u0107 tras z wariantami o r\u00f3\u017cnych poziomach trudno\u015bci<\/strong> sprawia, \u017ce jest to teren atrakcyjny <strong>dla os\u00f3b o zr\u00f3\u017cnicowanych umiej\u0119tno\u015bciach narciarskich, tak\u017ce dla tych, kt\u00f3rzy szukaj\u0105 \u0142agodniejszych zjazd\u00f3w.<\/strong><\/p>\n<p>\n<\/div><\/div><\/div><\/div><\/div><\/section><section class=\"kc-elm kc-css-29049 kc_row pageBlue\"><div class=\"kc-row-container  kc-container  pageGallery\"><div class=\"kc-wrap-columns\"><div class=\"kc-elm kc-css-147993 kc_col-sm-4 kc_column kc_col-sm-4\"><div class=\"kc-col-container\"><div class=\"kc-elm kc-css-228209 kc_shortcode kc_single_image\">\n\n        <img decoding=\"async\" src=\"https:\/\/i0.wp.com\/przyslop.pl\/wp-content\/uploads\/2023\/11\/z_4.jpg?fit=480%2C320&ssl=1\" class=\"\" alt=\"\" \/>    <\/div>\n<\/div><\/div><div class=\"kc-elm kc-css-198223 kc_col-sm-4 kc_column kc_col-sm-4\"><div class=\"kc-col-container\"><div class=\"kc-elm kc-css-719315 kc_shortcode kc_single_image\">\n\n        <img decoding=\"async\" src=\"https:\/\/i0.wp.com\/przyslop.pl\/wp-content\/uploads\/2023\/11\/z_5.jpg?fit=480%2C320&ssl=1\" class=\"\" alt=\"\" \/>    <\/div>\n<\/div><\/div><div class=\"kc-elm kc-css-681111 kc_col-sm-4 kc_column kc_col-sm-4\"><div class=\"kc-col-container\"><div class=\"kc-elm kc-css-141615 kc_shortcode kc_single_image\">\n\n        <img decoding=\"async\" src=\"https:\/\/i0.wp.com\/przyslop.pl\/wp-content\/uploads\/2023\/11\/z_6.jpg?fit=480%2C320&ssl=1\" class=\"\" alt=\"\" \/>    <\/div>\n<\/div><\/div><\/div><\/div><\/section><section class=\"kc-elm kc-css-343815 kc_row pageWhite\"><div class=\"kc-row-container  kc-container\"><div class=\"kc-wrap-columns\"><div class=\"kc-elm kc-css-736496 kc_col-sm-12 kc_column kc_col-sm-12\"><div class=\"kc-col-container\">\n<div class=\"kc-elm kc-css-123720 kc-title-wrap \">\n\n\t<p class=\"kc_title pageHeader\">KADRA PRZYS\u0141OP SKITOUR ACADEMY<\/p>\n<\/div>\n<\/div><\/div><\/div><\/div><\/section><section class=\"kc-elm kc-css-821436 kc_row pageWhite\"><div class=\"kc-row-container  kc-container\"><div class=\"kc-wrap-columns\"><div class=\"kc-elm kc-css-43427 kc_col-sm-6 kc_column kc_col-sm-6\"><div class=\"kc-col-container\"><div class=\"kc-elm kc-css-689027 kc_text_block pageText\"><\/p>\n<p>\n<strong>Grzegorz Gaw\u0142owski<\/strong><\/p>\n<p>\n<\/div><div class=\"kc-elm kc-css-191922 kc_text_block pageText\"><\/p>\n<p>\nInstruktor ratownictwa g\u00f3rskiego , Przewodnik Beskidzki, Przewodnik wycieczek narciarskich, taternik jaskiniowy. Organizator licznych Alpejskich wyjazd\u00f3w, skiturowych. Zapalony biegacz g\u00f3rski. Mi\u0142o\u015bnik skitur\u00f3w.<\/p>\n<p>\n<\/div><\/div><\/div><div class=\"kc-elm kc-css-421624 kc_col-sm-6 kc_column kc_col-sm-6\"><div class=\"kc-col-container\"><div class=\"kc-elm kc-css-383864 kc_text_block pageText\"><\/p>\n<p>\n<strong>Grzegorz Micha\u0142ek<\/strong><\/p>\n<p>\n<\/div><div class=\"kc-elm kc-css-533548 kc_text_block pageText\"><\/p>\n<p>\nNarciarz skiturowy od 1990 roku, Instruktor GOPR Beskidy, alpinista, speleolog, \u017ceglarz, nurek. Ulubiony \u017cywio\u0142 &#8211; woda w ka\u017cdej postaci:)<\/p>\n<p>\n<\/div><\/div><\/div><\/div><\/div><\/section><section class=\"kc-elm kc-css-63077 kc_row pageWhite\"><div class=\"kc-row-container  kc-container\"><div class=\"kc-wrap-columns\"><div class=\"kc-elm kc-css-50588 kc_col-sm-6 kc_column kc_col-sm-6\"><div class=\"kc-col-container\"><div class=\"kc-elm kc-css-762823 kc_text_block pageText\"><\/p>\n<p>\n<strong>Krzysztof Kempny<\/strong><\/p>\n<p>\n<\/div><div class=\"kc-elm kc-css-992551 kc_text_block pageText\"><\/p>\n<p>\nInstruktor\u00a0skiturowy, wieloletni ratownik GOPR w stopniu Starszy Ratownik, skiturowe do\u015bwiadczenie zdobyte od Beskid\u00f3w przez Tatry po Alpy. Taternik jaskiniowy, cz\u0142onek klubu alpinistycznego KAGB GOPR a w wolnych chwilach je\u017cd\u017c\u0119 na rowerze po g\u00f3rach.<\/p>\n<p>\n<\/div><\/div><\/div><div class=\"kc-elm kc-css-828437 kc_col-sm-6 kc_column kc_col-sm-6\"><div class=\"kc-col-container\"><div class=\"kc-elm kc-css-11628 kc_text_block pageText\"><\/p>\n<p>\n<strong>Wojciech Troszok<\/strong><\/p>\n<p>\n<\/div><div class=\"kc-elm kc-css-993822 kc_text_block pageText\"><\/p>\n<p>\nNarciarz skiturowy z 20 letnim do\u015bwiadczeniem, uczestnik wielu Alpejskich wyjazd\u00f3w i szkole\u0144 skiturowych.\u00a0 Ratownik\u00a0 GOPR, taternik jaskiniowy, cz\u0142onek klubu alpinistycznego KAGB GOPR.<\/p>\n<p>\n<\/div><\/div><\/div><\/div><\/div><\/section><section class=\"kc-elm kc-css-766635 kc_row pageWhite\"><div class=\"kc-row-container  kc-container\"><div class=\"kc-wrap-columns\"><div class=\"kc-elm kc-css-794150 kc_col-sm-6 kc_column kc_col-sm-6\"><div class=\"kc-col-container\"><div class=\"kc-elm kc-css-745410 kc_text_block pageText\"><\/p>\n<p>\n<strong>Krzysztof Banot<\/strong><\/p>\n<p>\n<\/div><div class=\"kc-elm kc-css-865879 kc_text_block pageText\"><\/p>\n<p>\nNarciarstwo skiturowe jest moj\u0105 g\u0142\u00f3wn\u0105 pasj\u0105 od 2000 roku. Moje pierwsze kroki stawia\u0142em na Baraniej G\u00f3rze. Opr\u00f3cz turystyki wielokrotnie startowa\u0142em w zawodach skialpinistycznych i zdoby\u0142em uprawnienia s\u0119dziego mi\u0119dzynarodowego ISMF. Jako Instruktor Rekreacji Ruchowej specjalno\u015bci Narciarstwo Turowe staram si\u0119 zara\u017ca\u0107 moj\u0105 pasj\u0105 nowych adept\u00f3w tego pi\u0119knego sportu. Ponadto jestem Starszym Ratownikiem GOPR i taternikiem jaskiniowym.<\/p>\n<p>\n<\/div><\/div><\/div><div class=\"kc-elm kc-css-548005 kc_col-sm-6 kc_column kc_col-sm-6\"><div class=\"kc-col-container\"><\/div><\/div><\/div><\/div><\/section><section class=\"kc-elm kc-css-326268 kc_row\"><div class=\"kc-row-container  kc-container  pageGallery pageWhite\"><div class=\"kc-wrap-columns\"><div class=\"kc-elm kc-css-650091 kc_col-sm-3 kc_column kc_col-sm-3\"><div class=\"kc-col-container\"><div class=\"kc-elm kc-css-164306 kc_shortcode kc_single_image\">\n\n        <img decoding=\"async\" src=\"https:\/\/i0.wp.com\/przyslop.pl\/wp-content\/uploads\/2023\/11\/z_7.jpg?fit=480%2C320&ssl=1\" class=\"\" alt=\"\" \/>    <\/div>\n<\/div><\/div><div class=\"kc-elm kc-css-828906 kc_col-sm-3 kc_column kc_col-sm-3\"><div class=\"kc-col-container\"><div class=\"kc-elm kc-css-277659 kc_shortcode kc_single_image\">\n\n        <img decoding=\"async\" src=\"https:\/\/i0.wp.com\/przyslop.pl\/wp-content\/uploads\/2023\/11\/z_8.jpg?fit=480%2C320&ssl=1\" class=\"\" alt=\"\" \/>    <\/div>\n<\/div><\/div><div class=\"kc-elm kc-css-44890 kc_col-sm-3 kc_column kc_col-sm-3\"><div class=\"kc-col-container\"><div class=\"kc-elm kc-css-262710 kc_shortcode kc_single_image\">\n\n        <img decoding=\"async\" src=\"https:\/\/i0.wp.com\/przyslop.pl\/wp-content\/uploads\/2023\/11\/z_9.jpg?fit=480%2C320&ssl=1\" class=\"\" alt=\"\" \/>    <\/div>\n<\/div><\/div><div class=\"kc-elm kc-css-791380 kc_col-sm-3 kc_column kc_col-sm-3\"><div class=\"kc-col-container\"><div class=\"kc-elm kc-css-569180 kc_shortcode kc_single_image\">\n\n        <img decoding=\"async\" src=\"https:\/\/i0.wp.com\/przyslop.pl\/wp-content\/uploads\/2022\/02\/IMG-20220222-WA0000.jpg?fit=480%2C320&ssl=1\" class=\"\" alt=\"\" \/>    <\/div>\n<\/div><\/div><\/div><\/div><\/section><section class=\"kc-elm kc-css-783918 kc_row pageBlue\"><div class=\"kc-row-container  kc-container\"><div class=\"kc-wrap-columns\"><div class=\"kc-elm kc-css-865335 kc_col-sm-12 kc_column kc_col-sm-12\"><div class=\"kc-col-container\">\n<div class=\"kc-elm kc-css-39092 kc-title-wrap \">\n\n\t<p class=\"kc_title pageHeader\">PODSTAWOWY KURS SKITUROWY OBEJMUJE<\/p>\n<\/div>\n<\/div><\/div><\/div><\/div><\/section><section class=\"kc-elm kc-css-437846 kc_row pageBlue\"><div class=\"kc-row-container  kc-container\"><div class=\"kc-wrap-columns\"><div class=\"kc-elm kc-css-776351 kc_col-sm-12 kc_column kc_col-sm-12\"><div class=\"kc-col-container\"><div class=\"kc-elm kc-css-495213 kc_text_block pageText\"><\/p>\n<p>\nPierwsza przygoda ze skiturami ju\u017c za Tob\u0105? Jeste\u015b zainteresowany kursem dla os\u00f3b \u015brednioozaawansowanych? Sprawd\u017a co proponujemy (i klik do tej\u017ce oferty)<\/p>\n<p>\n<\/div><\/div><\/div><\/div><\/div><\/section><section class=\"kc-elm kc-css-988965 kc_row pageBlue\"><div class=\"kc-row-container  kc-container\"><div class=\"kc-wrap-columns\"><div class=\"kc-elm kc-css-284315 kc_col-sm-6 kc_column kc_col-sm-6\"><div class=\"kc-col-container\"><div class=\"kc-elm kc-css-495330 kc_text_block pageText\"><\/p>\n<p>\n<strong>PRAKTYKA<\/strong><\/p>\n<ul>\n<li>Doradztwo w zakresie wyboru sprz\u0119tu<\/li>\n<li>Obs\u0142uga sprz\u0119tu skitourowego<\/li>\n<li>Efektywny ruch skiturowy<\/li>\n<li>Robienie zakos\u00f3w, pokonywanie stromych odcink\u00f3w<\/li>\n<li>Trawersowanie w skos stoku<\/li>\n<li>Przepinania si\u0119 do zjazdu<\/li>\n<li>Wybieranie trasy podej\u015bcia i zjazdu<\/li>\n<\/ul>\n<p>\n<\/div><\/div><\/div><div class=\"kc-elm kc-css-453440 kc_col-sm-6 kc_column kc_col-sm-6\"><div class=\"kc-col-container\"><div class=\"kc-elm kc-css-96785 kc_text_block pageText\"><\/p>\n<p>\n<strong>TEORIA<\/strong><\/p>\n<ul>\n<li>Podstawy Skituringu: sprz\u0119t, ruch, trasy, rejony<\/li>\n<li>Zagro\u017cenia i bezpiecze\u0144stwo w g\u00f3rach<\/li>\n<li>Zachowanie w sytuacji zagro\u017cenia<\/li>\n<li>Pierwsza pomoc przedmedyczna,<\/li>\n<li>Specyfika Beskid\u00f3w<\/li>\n<li>Apteczka skiturowca<\/li>\n<\/ul>\n<p>\n<\/div><\/div><\/div><\/div><\/div><\/section><section class=\"kc-elm kc-css-736094 kc_row pageBlue\"><div class=\"kc-row-container  kc-container  pageGallery\"><div class=\"kc-wrap-columns\"><div class=\"kc-elm kc-css-561709 kc_col-sm-4 kc_column kc_col-sm-4\"><div class=\"kc-col-container\"><div class=\"kc-elm kc-css-753429 kc_shortcode kc_single_image\">\n\n        <img decoding=\"async\" src=\"https:\/\/i0.wp.com\/przyslop.pl\/wp-content\/uploads\/2023\/11\/z_10.jpg?fit=480%2C320&ssl=1\" class=\"\" alt=\"\" \/>    <\/div>\n<\/div><\/div><div class=\"kc-elm kc-css-321125 kc_col-sm-4 kc_column kc_col-sm-4\"><div class=\"kc-col-container\"><div class=\"kc-elm kc-css-371820 kc_shortcode kc_single_image\">\n\n        <img decoding=\"async\" src=\"https:\/\/i0.wp.com\/przyslop.pl\/wp-content\/uploads\/2023\/11\/z_11.jpg?fit=480%2C320&ssl=1\" class=\"\" alt=\"\" \/>    <\/div>\n<\/div><\/div><div class=\"kc-elm kc-css-504131 kc_col-sm-4 kc_column kc_col-sm-4\"><div class=\"kc-col-container\"><div class=\"kc-elm kc-css-752751 kc_shortcode kc_single_image\">\n\n        <img decoding=\"async\" src=\"https:\/\/i0.wp.com\/przyslop.pl\/wp-content\/uploads\/2023\/11\/z_12.jpg?fit=480%2C320&ssl=1\" class=\"\" alt=\"\" \/>    <\/div>\n<\/div><\/div><\/div><\/div><\/section><section class=\"kc-elm kc-css-846232 kc_row pageWhite\"><div class=\"kc-row-container  kc-container\"><div class=\"kc-wrap-columns\"><div class=\"kc-elm kc-css-546405 kc_col-sm-6 kc_column kc_col-sm-6\"><div class=\"kc-col-container\">\n<div class=\"kc-elm kc-css-34686 kc-title-wrap \">\n\n\t<p class=\"kc_title pageHeader\">3-DNIOWY SKITUROWY<\/p>\n<\/div>\n\n<div class=\"kc-elm kc-css-763546 kc-title-wrap \">\n\n\t<p class=\"kc_title pageText\"><strong>Harmonogram<\/strong><\/p>\n<\/div>\n<div class=\"kc-elm kc-css-926647 kc_text_block pageText\"><\/p>\n<p style=\"text-align: center;\"><strong>PI\u0104TEK<\/strong><\/p>\n<p><strong>14:00 \u2013 16:00<\/strong> spotkanie w wypo\u017cyczalni (dla ch\u0119tnych)<br \/><strong>16:15 \u2013 16:30<\/strong> spotkanie na pocz\u0105tku szlaku, wyw\u00f3z baga\u017cy<br \/><strong>16:30 \u2013 19:00<\/strong> zaj\u0119cia praktyczne \u2013 doj\u015bcie do schroniska<br \/><strong>20:00 \u2013 21:30<\/strong> wyk\u0142ad przy \u201eg\u00f3ralski grza\u0144cu\u201d<\/p>\n<p style=\"text-align: center;\"><strong>SOBOTA<\/strong><\/p>\n<p><strong>08:15 \u2013 09.00<\/strong> syte \u015bniadanie<br \/><strong>10:00 \u2013\u00a014.00<\/strong> \u0107wiczenia praktyczne w terenie &#8211; wycieczka<br \/><strong>17:30 \u2013 20:00<\/strong> wyk\u0142ad przy \u201eg\u00f3ralski grza\u0144cu\u201d<\/p>\n<p style=\"text-align: center;\"><strong>NIEDZIELA<\/strong><\/p>\n<p><strong>08:15 \u2013 09:00<\/strong> syte \u015bniadanie<br \/><strong>09:30 \u2013 13:30<\/strong> \u0107wiczenia praktyczne w terenie &#8211; wycieczka<br \/><strong>Ok. 15:30<\/strong> zako\u0144czenie kursu, zw\u00f3zka baga\u017cy<\/p>\n<p>\n<\/div><div class=\"kc-elm kc-css-944538 kc_text_block pageText\"><\/p>\n<p>\n<em>Trasa wycieczek, dok\u0142adny czas trwania oraz ich dystans uzale\u017cniona s\u0105 od\u00a0aktualnie panuj\u0105cych warunk\u00f3w pogodowych oraz kondycji uczestnik\u00f3w.<\/em><\/p>\n<hr \/>\n<p>\n<\/div>\n<div class=\"kc-elm kc-css-741696 kc-title-wrap \">\n\n\t<p class=\"kc_title pageText\"><strong>Koszt<\/strong><\/p>\n<\/div>\n<div class=\"kc-elm kc-css-76973 kc_text_block pageText\"><\/p>\n<p>\n<strong>1160 z\u0142\/os<\/strong><\/p>\n<hr \/>\n<p>\n<\/div>\n<div class=\"kc-elm kc-css-585763 kc-title-wrap \">\n\n\t<p class=\"kc_title pageText\"><strong>Terminy<\/strong><\/p>\n<\/div>\n<div class=\"kc-elm kc-css-801709 kc_text_block pageText\"><\/p>\n<p><strong>17-19 i 24-26 stycznia 2025<br \/>14-16 lutego 2025<br \/>28 lutego &#8211; 2 marca 2025<\/strong><\/p>\n<p><strong>Nie odpowiadaj\u0105 Ci terminy lub zakres szkolenia?<\/strong> Zerknij na ofert\u0119 kurs\u00f3w zindywidualizowanych \u201eszytych na miar\u0119\u201d Twoich potrzeb.<\/p>\n<p>\n<\/div><\/div><\/div><div class=\"kc-elm kc-css-445958 kc_col-sm-6 kc_column kc_col-sm-6\"><div class=\"kc-col-container\">\n<div class=\"kc-elm kc-css-837862 kc-title-wrap \">\n\n\t<p class=\"kc_title pageHeader\">INTENSYWNY KURS WEEKENDOWY<\/p>\n<\/div>\n\n<div class=\"kc-elm kc-css-395661 kc-title-wrap \">\n\n\t<p class=\"kc_title pageText\"><strong>Harmonogram<\/strong><\/p>\n<\/div>\n<div class=\"kc-elm kc-css-147961 kc_text_block pageText\"><\/p>\n<p style=\"text-align: center;\"><strong>SOBOTA<\/strong><\/p>\n<p><strong>08:00 \u2013 09:00<\/strong> spotkanie w wypo\u017cyczalni (dla ch\u0119tnych)<br \/><strong>09:15 \u2013 09:30<\/strong> spotkanie na pocz\u0105tku szlaku, wyw\u00f3z baga\u017cy<br \/><strong>09:30 \u2013 15:30<\/strong> \u0107wiczenia praktyczne w terenie &#8211; wycieczka<br \/><strong>17:30 \u2013 20:00<\/strong> wyk\u0142ad przy \u201eg\u00f3ralski grza\u0144cu\u201d<\/p>\n<p style=\"text-align: center;\"><strong>NIEDZIELA<\/strong><\/p>\n<p><strong>08:15 \u2013 09:00<\/strong> syte \u015bniadanie<br \/><strong>09:30 \u2013 14:30<\/strong> \u0107wiczenia praktyczne w terenie &#8211; wycieczka<br \/><strong>15:30 \u2013 17:30<\/strong> wyk\u0142ad przy \u201eg\u00f3ralski grza\u0144cu\u201d<br \/><strong>ok. 18.00<\/strong> zako\u0144czenie szkolenie, zw\u00f3zka baga\u017cy<\/p>\n<p>\n<\/div><div class=\"kc-elm kc-css-660163 kc_text_block pageText\"><\/p>\n<p>\n<em>Trasa wycieczek, dok\u0142adny czas trwania oraz ich dystans uzale\u017cniona s\u0105 od\u00a0aktualnie panuj\u0105cych warunk\u00f3w pogodowych oraz kondycji uczestnik\u00f3w.<\/em><\/p>\n<hr \/>\n<p>\n<\/div>\n<div class=\"kc-elm kc-css-21474 kc-title-wrap \">\n\n\t<p class=\"kc_title pageText\"><strong>Koszt<\/strong><\/p>\n<\/div>\n<div class=\"kc-elm kc-css-541496 kc_text_block pageText\"><\/p>\n<p>\n<strong>990 z\u0142\/os<\/strong><\/p>\n<hr \/>\n<p>\n<\/div>\n<div class=\"kc-elm kc-css-97 kc-title-wrap \">\n\n\t<p class=\"kc_title pageText\"><strong>Terminy<\/strong><\/p>\n<\/div>\n<div class=\"kc-elm kc-css-713383 kc_text_block pageText\"><\/p>\n<p><strong>18 &#8211; 19 i 25 &#8211; 26 tycznia 2025<\/strong><br \/><strong>15 &#8211; 16 lutego 2025<\/strong><br \/><strong>1 &#8211; 2 marca 2025<\/strong><\/p>\n<p><strong>Nie odpowiadaj\u0105 Ci terminy lub zakres szkolenia?<\/strong> Zerknij na ofert\u0119 kurs\u00f3w zindywidualizowanych \u201eszytych na miar\u0119\u201d Twoich potrzeb.<\/p>\n<p>\n<\/div><\/div><\/div><\/div><\/div><\/section><section class=\"kc-elm kc-css-419772 kc_row\"><div class=\"kc-row-container  kc-container  pageGallery pageWhite\"><div class=\"kc-wrap-columns\"><div class=\"kc-elm kc-css-73325 kc_col-sm-4 kc_column kc_col-sm-4\"><div class=\"kc-col-container\"><div class=\"kc-elm kc-css-209906 kc_shortcode kc_single_image\">\n\n        <img decoding=\"async\" src=\"https:\/\/i0.wp.com\/przyslop.pl\/wp-content\/uploads\/2023\/11\/z_13.jpg?fit=480%2C320&ssl=1\" class=\"\" alt=\"\" \/>    <\/div>\n<\/div><\/div><div class=\"kc-elm kc-css-379950 kc_col-sm-4 kc_column kc_col-sm-4\"><div class=\"kc-col-container\"><div class=\"kc-elm kc-css-375590 kc_shortcode kc_single_image\">\n\n        <img decoding=\"async\" src=\"https:\/\/i0.wp.com\/przyslop.pl\/wp-content\/uploads\/2023\/11\/z_14.jpg?fit=480%2C320&ssl=1\" class=\"\" alt=\"\" \/>    <\/div>\n<\/div><\/div><div class=\"kc-elm kc-css-854885 kc_col-sm-4 kc_column kc_col-sm-4\"><div class=\"kc-col-container\"><div class=\"kc-elm kc-css-549348 kc_shortcode kc_single_image\">\n\n        <img decoding=\"async\" src=\"https:\/\/i0.wp.com\/przyslop.pl\/wp-content\/uploads\/2023\/11\/z_15.jpg?fit=480%2C320&ssl=1\" class=\"\" alt=\"\" \/>    <\/div>\n<\/div><\/div><\/div><\/div><\/section><section class=\"kc-elm kc-css-313246 kc_row pageBlue\"><div class=\"kc-row-container  kc-container\"><div class=\"kc-wrap-columns\"><div class=\"kc-elm kc-css-66101 kc_col-sm-6 kc_column kc_col-sm-6\"><div class=\"kc-col-container\"><div class=\"kc-elm kc-css-577962 kc_text_block pageText\"><\/p>\n<p>\n<strong>CENA ZAWIERA<\/strong><\/p>\n<ul>\n<li>1 lub 2 noce w schronisku Przys\u0142op pod Barani\u0105 G\u00f3r\u0105 w pokoju 6osobowym wraz z po\u015bciel\u0105 (nocleg w pokoju 2os mo\u017cliwy za dop\u0142at\u0105),<\/li>\n<li>1 lub 2 x syte \u015bniadanie typu szwedzki st\u00f3\u0142,<\/li>\n<li>4 godziny prelekcji na temat podstaw skituringu i zasad bezpiecze\u0144stwa,<\/li>\n<li>2 lub 3 dni skiturowania ze szkoleniem podstawowym,<\/li>\n<li>Opiek\u0119 przewodnika ratownika GOPR,<\/li>\n<li>Wyw\u00f3zk\u0119 i zw\u00f3zk\u0119 baga\u017cy do i ze schroniska,<\/li>\n<li>Ubezpieczenie NNW na czas trwania kursu.<\/li>\n<\/ul>\n<p>\n<\/div><\/div><\/div><div class=\"kc-elm kc-css-516667 kc_col-sm-6 kc_column kc_col-sm-6\"><div class=\"kc-col-container\"><div class=\"kc-elm kc-css-47993 kc_text_block pageText\"><\/p>\n<p>\n<strong>CENA NIE ZAWIERA<\/strong><\/p>\n<ul>\n<li>Dojazdu na miejsce szkolenia,<\/li>\n<li>Pozosta\u0142ych posi\u0142k\u00f3w (wyb\u00f3r a\u2019la carte),<\/li>\n<li>Sprz\u0119tu skiturowego (200-300z\u0142 p\u0142atne w wypo\u017cyczalni).<\/li>\n<\/ul>\n<p>\n<\/div><div class=\"kc-elm kc-css-352577 kc_text_block pageText\"><\/p>\n<p>\n<strong>MIN. ILO\u015a\u0106 UCZESTNIK\u00d3W<\/strong><\/p>\n<ul>\n<li>2 osoby<\/li>\n<\/ul>\n<p>\n<\/div><\/div><\/div><\/div><\/div><\/section><section class=\"kc-elm kc-css-960300 kc_row pageBlue\"><div class=\"kc-row-container  kc-container  pageGallery\"><div class=\"kc-wrap-columns\"><div class=\"kc-elm kc-css-492558 kc_col-sm-4 kc_column kc_col-sm-4\"><div class=\"kc-col-container\"><div class=\"kc-elm kc-css-917636 kc_shortcode kc_single_image\">\n\n        <img decoding=\"async\" src=\"https:\/\/i0.wp.com\/przyslop.pl\/wp-content\/uploads\/2023\/11\/z_16.jpg?fit=480%2C320&ssl=1\" class=\"\" alt=\"\" \/>    <\/div>\n<\/div><\/div><div class=\"kc-elm kc-css-678233 kc_col-sm-4 kc_column kc_col-sm-4\"><div class=\"kc-col-container\"><div class=\"kc-elm kc-css-417503 kc_shortcode kc_single_image\">\n\n        <img decoding=\"async\" src=\"https:\/\/i0.wp.com\/przyslop.pl\/wp-content\/uploads\/2023\/11\/z_17.jpg?fit=480%2C320&ssl=1\" class=\"\" alt=\"\" \/>    <\/div>\n<\/div><\/div><div class=\"kc-elm kc-css-685580 kc_col-sm-4 kc_column kc_col-sm-4\"><div class=\"kc-col-container\"><div class=\"kc-elm kc-css-797059 kc_shortcode kc_single_image\">\n\n        <img decoding=\"async\" src=\"https:\/\/i0.wp.com\/przyslop.pl\/wp-content\/uploads\/2023\/11\/z_18.jpg?fit=480%2C320&ssl=1\" class=\"\" alt=\"\" \/>    <\/div>\n<\/div><\/div><\/div><\/div><\/section><section class=\"kc-elm kc-css-763878 kc_row pageWhite\"><div class=\"kc-row-container  kc-container\"><div class=\"kc-wrap-columns\"><div class=\"kc-elm kc-css-278108 kc_col-sm-12 kc_column kc_col-sm-12\"><div class=\"kc-col-container\">\n<div class=\"kc-elm kc-css-512425 kc-title-wrap \">\n\n\t<p class=\"kc_title pageHeader\">ZAPISY I SZCZEG\u00d3\u0141Y<\/p>\n<\/div>\n<div class=\"kc-elm kc-css-478546 kc_text_block pageText\"><\/p>\n<p>\nZapisy wy\u0142\u0105cznie mailowo na adres schroniska<br \/><strong>schronisko@przyslop.pl<\/strong><\/p>\n<p>\n<\/div><div class=\"kc-elm kc-css-731903 kc_text_block pageText\"><\/p>\n<p>\n<strong>Masz pytania? Zadzwo\u0144 lub napisz do nas:<\/strong><\/p>\n<p>\n<\/div><div class=\"kc-elm kc-css-358758 kc_text_block pageText\"><\/p>\n<p>\nFacebook: <a href=\"https:\/\/facebook.com\/przyslop\" target=\"_blank\" rel=\"noopener\">@przyslop<\/a><br \/>Instagram: <a href=\"https:\/\/www.instagram.com\/schronisko_przyslop\" target=\"_blank\" rel=\"noopener\">@schronisko_przyslop<\/a><br \/>schronisko@przyslop.pl<\/p>\n<p>(33) 855 37 15<\/p>\n<p>+48 532 434 747<br \/><em>(dost\u0119pny w dni robocze w godz. 8:30-14:30)<\/em><\/p>\n<p>\n<\/div>\n<div class=\"kc-elm kc-css-735070\">\n\t<a class=\"kc_button\" href=\"https:\/\/przyslop.pl\/wp-content\/uploads\/2019\/12\/PSA_podstawa_2025.pdf\" target=\"_blank\" title=\"\" onclick=\"\">\n\t\tBroszura pdf\t<\/a>\n<\/div>\n<\/div><\/div><\/div><\/div><\/section><\/p>\n","protected":false},"excerpt":{"rendered":"","protected":false},"author":2,"featured_media":0,"parent":0,"menu_order":0,"comment_status":"closed","ping_status":"closed","template":"tpl-king_composer.php","meta":{"footnotes":""},"class_list":["post-7785","page","type-page","status-publish","hentry"],"jetpack_sharing_enabled":true,"post_mailing_queue_ids":[],"_links":{"self":[{"href":"https:\/\/przyslop.pl\/index.php\/wp-json\/wp\/v2\/pages\/7785","targetHints":{"allow":["GET"]}}],"collection":[{"href":"https:\/\/przyslop.pl\/index.php\/wp-json\/wp\/v2\/pages"}],"about":[{"href":"https:\/\/przyslop.pl\/index.php\/wp-json\/wp\/v2\/types\/page"}],"author":[{"embeddable":true,"href":"https:\/\/przyslop.pl\/index.php\/wp-json\/wp\/v2\/users\/2"}],"replies":[{"embeddable":true,"href":"https:\/\/przyslop.pl\/index.php\/wp-json\/wp\/v2\/comments?post=7785"}],"version-history":[{"count":9,"href":"https:\/\/przyslop.pl\/index.php\/wp-json\/wp\/v2\/pages\/7785\/revisions"}],"predecessor-version":[{"id":7990,"href":"https:\/\/przyslop.pl\/index.php\/wp-json\/wp\/v2\/pages\/7785\/revisions\/7990"}],"wp:attachment":[{"href":"https:\/\/przyslop.pl\/index.php\/wp-json\/wp\/v2\/media?parent=7785"}],"curies":[{"name":"wp","href":"https:\/\/api.w.org\/{rel}","templated":true}]}}