{"id":480,"date":"2019-12-06T13:37:22","date_gmt":"2019-12-06T12:37:22","guid":{"rendered":"http:\/\/www2.przyslop.pl\/test\/?page_id=480"},"modified":"2023-09-28T16:30:04","modified_gmt":"2023-09-28T14:30:04","slug":"o-nas","status":"publish","type":"page","link":"https:\/\/przyslop.pl\/index.php\/o-nas\/","title":{"rendered":"O nas"},"content":{"rendered":"<p><section class=\"kc-elm kc-css-306157 kc_row pageWhite\"><div class=\"kc-row-container  kc-container\"><div class=\"kc-wrap-columns\"><div class=\"kc-elm kc-css-93917 kc_col-sm-12 kc_column kc_col-sm-12\"><div class=\"kc-col-container\">\n<div class=\"kc-elm kc-css-259429 kc-title-wrap \">\n\n\t<p class=\"kc_title pageHeader\">JAK TO WSZYSTKO SI\u0118 ZACZ\u0118\u0141O<\/p>\n<\/div>\n<div class=\"kc-elm kc-css-764618 kc_text_block pageText\"><\/p>\n<p>\nZnale\u017ali\u015bmy si\u0119 pod Barani\u0105 totalnie <strong>przez przypadek<\/strong>\u00a0w 2015 roku (cho\u0107 co raz trafiamy na znaki, kt\u00f3re wskazuj\u0105, i\u017c swoje palce macza\u0142o w tym r\u00f3wnie\u017c przeznaczenie). Nic nie zwiastowa\u0142o tego co nadci\u0105ga. Wcze\u015bniej b\u0142\u0105kali\u015bmy si\u0119 po \u015bwiecie penetruj\u0105c g\u00f3rskie zak\u0105tki\u00a0przy pomocy <strong>paralotni, sprz\u0119tu wspinaczkowego, rower\u00f3w i kilku par nart<\/strong>. Nic nas nie trzyma\u0142o, a niewiele ogranicza\u0142o! Prawdziwa wolno\u015b\u0107 i przygoda w pe\u0142nym tego s\u0142owa znaczeniu.<\/p>\n<p>\n<\/div><div class=\"kc-elm kc-css-184077 kc_text_block pageText\"><\/p>\n<p>\nI mo\u017ce w\u0142a\u015bnie dlatego ten przypadkowy Przys\u0142op by\u0142a nam przeznaczony! Zapuszczony, powszechnie ciesz\u0105cy si\u0119 s\u0142ab\u0105 opini\u0105, a jednocze\u015bnie\u2026. z tak <strong>wielkim<\/strong>\u00a0<strong>potencja\u0142em<\/strong><strong>!<\/strong>\u00a0Czekaj\u0105cy na ludzi <strong>z g\u00f3rsk\u0105 pasj\u0105, energi\u0105 do dzia\u0142ania<\/strong>, solidn\u0105 dawk\u0105 <strong>podr\u00f3\u017cniczego do\u015bwiadczenia<\/strong>\u00a0i du\u017c\u0105 doz\u0105 <strong>niecodziennych pomys\u0142\u00f3w<\/strong>. Podj\u0119li\u015bmy wyzwanie. Poch\u0142on\u0119\u0142o nas ono bez reszty,\u00a0odsuwaj\u0105c dawne \u017cycie w mroki niemal ca\u0142kowitej niepami\u0119ci. I to z jak\u0105 satysfakcj\u0105 z codziennych dzia\u0142a\u0144!<\/p>\n<p>\n<\/div><div class=\"kc-elm kc-css-147496 kc_text_block pageText\"><\/p>\n<p>\n<strong>Jak nam si\u0119 to wszystko uda\u0142o? Mo\u017cecie oceni\u0107 sami \u2013 najlepiej osobi\u015bcie! Zapraszamy!<\/strong><\/p>\n<p>\n<\/div><\/div><\/div><\/div><\/div><\/section><section class=\"kc-elm kc-css-664427 kc_row pageWhite\"><div class=\"kc-row-container  kc-container  pageGallery\"><div class=\"kc-wrap-columns\"><div class=\"kc-elm kc-css-493429 kc_col-sm-4 kc_column kc_col-sm-4\"><div class=\"kc-col-container\"><div class=\"kc-elm kc-css-347619 kc_shortcode kc_single_image\">\n\n        <img decoding=\"async\" src=\"https:\/\/i0.wp.com\/przyslop.pl\/wp-content\/uploads\/2020\/12\/480x320_Onas_1.jpg?fit=480%2C320&ssl=1\" class=\"\" alt=\"\" \/>    <\/div>\n<\/div><\/div><div class=\"kc-elm kc-css-657652 kc_col-sm-4 kc_column kc_col-sm-4\"><div class=\"kc-col-container\"><div class=\"kc-elm kc-css-653500 kc_shortcode kc_single_image\">\n\n        <img decoding=\"async\" src=\"https:\/\/i0.wp.com\/przyslop.pl\/wp-content\/uploads\/2020\/12\/480x320_Onas_2.jpg?fit=480%2C320&ssl=1\" class=\"\" alt=\"\" \/>    <\/div>\n<\/div><\/div><div class=\"kc-elm kc-css-251123 kc_col-sm-4 kc_column kc_col-sm-4\"><div class=\"kc-col-container\"><div class=\"kc-elm kc-css-996955 kc_shortcode kc_single_image\">\n\n        <img decoding=\"async\" src=\"https:\/\/i0.wp.com\/przyslop.pl\/wp-content\/uploads\/2020\/12\/480x320_Onas_3.jpg?fit=480%2C320&ssl=1\" class=\"\" alt=\"\" \/>    <\/div>\n<\/div><\/div><\/div><\/div><\/section><section class=\"kc-elm kc-css-526405 kc_row pageBlue\"><div class=\"kc-row-container  kc-container\"><div class=\"kc-wrap-columns\"><div class=\"kc-elm kc-css-538232 kc_col-sm-12 kc_column kc_col-sm-12\"><div class=\"kc-col-container\">\n<div class=\"kc-elm kc-css-219190 kc-title-wrap \">\n\n\t<p class=\"kc_title pageHeader\">A TERAZ PRZEDSTAWMY SI\u0118!<\/p>\n<\/div>\n<div class=\"kc-elm kc-css-758413 kc_text_block pageText\"><\/p>\n<p>\nCzyli s\u0142\u00f3w kilka o G\u00f3ralce, Rumcajsie i \u2026rozb\u00f3jnikach<\/p>\n<p>Para sportowych pasjonat\u00f3w, g\u00f3rskich podr\u00f3\u017cnik\u00f3w staraj\u0105ca si\u0119 kierowa\u0107 Przys\u0142opem g\u0142\u00f3wnie przy pomocy serca, osobistego zaanga\u017cowania i ci\u0119\u017ckiej pracy. A przy tym robi\u0107 to najlepiej jak potrafi\u0105!<\/p>\n<p><span style=\"font-weight: 600;\">Aga<\/span>\u00a0\u2013 pochodz\u0105ca z Zakopanego g\u00f3ralka z krwi, ko\u015bci i\u2026 charakteru. Mi\u0142o\u015bniczka wspinaczki g\u00f3rskiej, paralotniarstwa i narciarstwa we wszelkich jego odmianach od zjazd\u00f3w po freeride i skituring. Z wykszta\u0142cenia psycholog, z zawodu organizator event\u00f3w turystycznych i sportowych, a prywatnie\u2026 totalny \u201eksi\u0105\u017ckoholik\u201d.<\/p>\n<p><span style=\"font-weight: 600;\">Szymon\u00a0<\/span>\u2013 prawdziwy Beskidziak z dziada pradziada, urodzony po drugiej stronie Baraniej G\u00f3ry. Z zami\u0142owania paralotniarz i narciarz, a obecnie d\u0142ugodystansowy kolarz wskakuj\u0105cy na rower by przejecha\u0107 si\u0119 w dwa dni od morza do Tatr. Zawodowo programista, a wi\u0119c typowy umys\u0142 \u015bcis\u0142y.<\/p>\n<p>Obecnie nasze g\u0142\u00f3wne zaj\u0119cia dnia codziennego to wychowanie w g\u00f3rskim duchu dw\u00f3ch ma\u0142ych urwis\u00f3w Hanki i Micha\u0142a \u201eCypisa\u201d oraz nadanie nowego, podr\u00f3\u017cniczego charakteru Schronisku PTTK Przys\u0142op pod Barani\u0105 G\u00f3r\u0105 przy jednoczesnym za\u0142o\u017ceniu, aby zrobi\u0107 to tak, \u017ceby nie zwariowa\u0107. Przyznamy szczerze\u2026 bywa ci\u0119\u017cko! \ud83d\ude42<\/p>\n<p>\n<\/div><\/div><\/div><\/div><\/div><\/section><section class=\"kc-elm kc-css-683380 kc_row pabeBlue\"><div class=\"kc-row-container  kc-container  pageGallery\"><div class=\"kc-wrap-columns\"><div class=\"kc-elm kc-css-279615 kc_col-sm-4 kc_column kc_col-sm-4\"><div class=\"kc-col-container\"><div class=\"kc-elm kc-css-586961 kc_shortcode kc_single_image\">\n\n        <img decoding=\"async\" src=\"https:\/\/i0.wp.com\/przyslop.pl\/wp-content\/uploads\/2020\/12\/480x320_Onas_4.jpg?fit=480%2C320&ssl=1\" class=\"\" alt=\"\" \/>    <\/div>\n<\/div><\/div><div class=\"kc-elm kc-css-964598 kc_col-sm-4 kc_column kc_col-sm-4\"><div class=\"kc-col-container\"><div class=\"kc-elm kc-css-343550 kc_shortcode kc_single_image\">\n\n        <img decoding=\"async\" src=\"https:\/\/i0.wp.com\/przyslop.pl\/wp-content\/uploads\/2020\/12\/480x320_Onas_5.jpg?fit=480%2C320&ssl=1\" class=\"\" alt=\"\" \/>    <\/div>\n<\/div><\/div><div class=\"kc-elm kc-css-364569 kc_col-sm-4 kc_column kc_col-sm-4\"><div class=\"kc-col-container\"><div class=\"kc-elm kc-css-388195 kc_shortcode kc_single_image\">\n\n        <img decoding=\"async\" src=\"https:\/\/i0.wp.com\/przyslop.pl\/wp-content\/uploads\/2020\/12\/480x320_Onas_6.jpg?fit=480%2C320&ssl=1\" class=\"\" alt=\"\" \/>    <\/div>\n<\/div><\/div><\/div><\/div><\/section><section class=\"kc-elm kc-css-604373 kc_row pageWhite\"><div class=\"kc-row-container  kc-container\"><div class=\"kc-wrap-columns\"><div class=\"kc-elm kc-css-861513 kc_col-sm-12 kc_column kc_col-sm-12\"><div class=\"kc-col-container\"><div class=\"kc-elm kc-css-386524 kc-raw-code\"><a id=\"ekipa\"><\/a><\/div>\n<div class=\"kc-elm kc-css-84555 kc-title-wrap \">\n\n\t<p class=\"kc_title pageHeader\">EKIPA, czyli o za\u0142odze, kt\u00f3r\u0105 spotkacie w schronisku<\/p>\n<\/div>\n<div class=\"kc-elm kc-css-172298 kc_text_block pageText\"><\/p>\n<p>\nZ lud\u017ami tworz\u0105cymi atmosfer\u0119 schroniska jest tak, \u017ce ka\u017cdy kto do nas trafia, zostawia tu kawa\u0142ek siebie. Jedni zostaj\u0105 na kr\u00f3cej, inni na d\u0142u\u017cej, a po pewnym czasie pod\u0105\u017caj\u0105 swoj\u0105 drog\u0105 w poszukiwaniu w\u0142asnego miejsca na ziemi. Dlatego nie spos\u00f3b opowiedzie\u0107 o wszystkich osobach, kt\u00f3re przez te lata anga\u017cowa\u0142y si\u0119 w remontowanie schroniska, aran\u017cowanie jego przestrzeni, tworzenie klimatu tego miejsca. O wszystkich Was pami\u0119tamy i z czu\u0142o\u015bci\u0105 wspominamy! Z rado\u015bci\u0105 te\u017c witamy w naszych progach, kiedy zat\u0119sknicie za tym skrawkiem ziemi!<\/p>\n<p>\n<\/div><\/div><\/div><\/div><\/div><\/section><section class=\"kc-elm kc-css-902797 kc_row pageWhite\"><div class=\"kc-row-container  kc-container  pageGallery\"><div class=\"kc-wrap-columns\"><div class=\"kc-elm kc-css-746456 kc_col-sm-4 kc_column kc_col-sm-4\"><div class=\"kc-col-container\"><div class=\"kc-elm kc-css-30319 kc_shortcode kc_single_image\">\n\n        <img decoding=\"async\" src=\"https:\/\/i0.wp.com\/przyslop.pl\/wp-content\/uploads\/2025\/04\/ludzie_szare_1.jpg?fit=481%2C320&ssl=1\" class=\"\" alt=\"\" \/>    <\/div>\n<\/div><\/div><div class=\"kc-elm kc-css-447986 kc_col-sm-4 kc_column kc_col-sm-4\"><div class=\"kc-col-container\"><div class=\"kc-elm kc-css-890425 kc_shortcode kc_single_image\">\n\n        <img decoding=\"async\" src=\"https:\/\/i0.wp.com\/przyslop.pl\/wp-content\/uploads\/2025\/04\/ludzie_szare_2.jpg?fit=481%2C320&ssl=1\" class=\"\" alt=\"\" \/>    <\/div>\n<\/div><\/div><div class=\"kc-elm kc-css-354003 kc_col-sm-4 kc_column kc_col-sm-4\"><div class=\"kc-col-container\"><div class=\"kc-elm kc-css-848228 kc_shortcode kc_single_image\">\n\n        <img decoding=\"async\" src=\"https:\/\/i0.wp.com\/przyslop.pl\/wp-content\/uploads\/2025\/04\/ludzie_szare.jpg?fit=480%2C320&ssl=1\" class=\"\" alt=\"\" \/>    <\/div>\n<\/div><\/div><\/div><\/div><\/section><section class=\"kc-elm kc-css-836279 kc_row pageBlue\"><div class=\"kc-row-container  kc-container\"><div class=\"kc-wrap-columns\"><div class=\"kc-elm kc-css-721299 kc_col-sm-12 kc_column kc_col-sm-12\"><div class=\"kc-col-container\"><div class=\"kc-elm kc-css-17138 kc-raw-code\"><a id=\"schronisko\"><\/a><\/div>\n<div class=\"kc-elm kc-css-143967 kc-title-wrap \">\n\n\t<p class=\"kc_title pageHeader\">O SCHRONISKU<\/p>\n<\/div>\n<div class=\"kc-elm kc-css-705263 kc_text_block\"><\/p>\n<p>\n<strong>Kt\u00f3r\u0119dy do nas,\u00a0czyli lokalizacja<\/strong><\/p>\n<p>\n<\/div><div class=\"kc-elm kc-css-952866 kc_text_block pageText\"><\/p>\n<p>\nSchronisko PTTK Przys\u0142op pod Barani\u0105 G\u00f3r\u0105 w Beskidach, znajduje si\u0119 na wysoko\u015bci 900 m n.p.m. na szlaku wiod\u0105cym na Barani\u0105 g\u00f3r\u0119 (1220 m n.p.m.) w po\u0142udniowo-wschodniej cz\u0119\u015bci Beskidu \u015al\u0105skiego.<\/p>\n<p>\n<\/div>\n<div class=\"kc-elm kc-css-405213\">\n\t<a class=\"kc_button\" href=\"https:\/\/przyslop.pl\/index.php\/kontakt\/\" target=\"_self\" title=\"Nasze propozycje tras sportowych\" onclick=\"\">\n\t\tZobacz trasy\t<\/a>\n<\/div>\n<div class=\"kc-elm kc-css-391593 kc_text_block pageText\"><\/p>\n<p>\n<strong>Co znajdziecie na miejscu, czyli infrastruktura i warunki noclegowe<\/strong><\/p>\n<p>\n<\/div><div class=\"kc-elm kc-css-237335 kc_text_block pageText\"><\/p>\n<p>\n<strong>Wsp\u00f3\u0142czesny budynek <\/strong>pochodzi z 1978 roku i w swojej bryle koresponduje z czasami, w kt\u00f3rych zosta\u0142 zbudowany. Od 2015 roku, czyli od momentu, kiedy piecz\u0119 nad nim obj\u0119li obecni gospodarze, <strong>jest modernizowany, udoskonalany i nabywa nowego g\u00f3rskiego charakteru<\/strong>.<\/p>\n<p>Schronisko obecnie mo\u017ce pomie\u015bci\u0107 do\u00a0<span style=\"font-weight: 600;\">85 os\u00f3b<\/span>\u00a0w \u015bwie\u017co wyremontowanych i oryginalnie zaaran\u017cowanych pokojach 2-, 3-, 4-, 6-, 7-, 10- oraz 11-osobowych. Poniewa\u017c dla nas\u00a0<span style=\"font-weight: 600;\">g\u00f3ry to nie tylko Beskidy<\/span>, a co\u015b znacznie wi\u0119cej, chcemy Was zaprosi\u0107 w swoist\u0105 podr\u00f3\u017c i zach\u0119ci\u0107 do odwiedzenia r\u00f3wnie\u017c innych zak\u0105tk\u00f3w naszego globu. Dlatego\u00a0<span style=\"font-weight: 600;\">ka\u017cdy pok\u00f3j, wystrojem<\/span>\u00a0i indywidualn\u0105 nazw\u0105\u00a0<span style=\"font-weight: 600;\">nawi\u0105zuje do jednego z g\u00f3rskich rejon\u00f3w \u015bwiata.<\/span><\/p>\n<p><span style=\"font-weight: 600;\">Cz\u0119\u015b\u0107 pokoj\u00f3w<\/span>, w tym wszystkie 2- i 3-osobowe, przygotowali\u015bmy w wy\u017cszym standardzie &#8211;\u00a0<span style=\"font-weight: 600;\">z w\u0142asnymi \u0142azienkami<\/span>. Natomiast cz\u0119\u015b\u0107, to klasyczne pokoje wieloosobowe z pi\u0119trowymi \u0142\u00f3\u017cka, sprzyjaj\u0105ce integracji z innymi w\u0119drowcami. Dodatkowe \u0142azienki i sanitariaty znajduj\u0105 si\u0119 na ka\u017cdym pi\u0119trze i w pobli\u017cu dw\u00f3ch jadalni og\u00f3lnou\u017cytkowych. Obiekt zyska\u0142 tak\u017ce przestronn\u0105\u00a0<span style=\"font-weight: 600;\">sal\u0119 integracyjno-sportowo-konferencyjn\u0105, infrastruktur\u0119 wypoczynkow\u0105 i rodzinn\u0105<\/span>, umilaj\u0105c\u0105 czas mi\u0119dzy w\u0119dr\u00f3wkami.<span style=\"font-weight: 600;\"><br \/><\/span><\/p>\n<p>\n<\/div><\/div><\/div><\/div><\/div><\/section><section class=\"kc-elm kc-css-309730 kc_row pageBlue\"><div class=\"kc-row-container  kc-container  pageGallery\"><div class=\"kc-wrap-columns\"><div class=\"kc-elm kc-css-118834 kc_col-sm-4 kc_column kc_col-sm-4\"><div class=\"kc-col-container\"><div class=\"kc-elm kc-css-394778 kc_shortcode kc_single_image\">\n\n        <img decoding=\"async\" src=\"https:\/\/i0.wp.com\/przyslop.pl\/wp-content\/uploads\/2020\/12\/480x320_Onas_10.jpg?fit=480%2C320&ssl=1\" class=\"\" alt=\"\" \/>    <\/div>\n<\/div><\/div><div class=\"kc-elm kc-css-217186 kc_col-sm-4 kc_column kc_col-sm-4\"><div class=\"kc-col-container\"><div class=\"kc-elm kc-css-933981 kc_shortcode kc_single_image\">\n\n        <img decoding=\"async\" src=\"https:\/\/i0.wp.com\/przyslop.pl\/wp-content\/uploads\/2020\/12\/480x320_Onas_11.jpg?fit=480%2C320&ssl=1\" class=\"\" alt=\"\" \/>    <\/div>\n<\/div><\/div><div class=\"kc-elm kc-css-6491 kc_col-sm-4 kc_column kc_col-sm-4\"><div class=\"kc-col-container\"><div class=\"kc-elm kc-css-363511 kc_shortcode kc_single_image\">\n\n        <img decoding=\"async\" src=\"https:\/\/i0.wp.com\/przyslop.pl\/wp-content\/uploads\/2020\/12\/480x320_Onas_12.jpg?fit=480%2C320&ssl=1\" class=\"\" alt=\"\" \/>    <\/div>\n<\/div><\/div><\/div><\/div><\/section><section class=\"kc-elm kc-css-826048 kc_row pageWhite\"><div class=\"kc-row-container  kc-container\"><div class=\"kc-wrap-columns\"><div class=\"kc-elm kc-css-671388 kc_col-sm-12 kc_column kc_col-sm-12\"><div class=\"kc-col-container\"><div class=\"kc-elm kc-css-996742 kc-raw-code\"><a id=\"historia\"><\/a><\/div>\n<div class=\"kc-elm kc-css-584336 kc-title-wrap \">\n\n\t<p class=\"kc_title pageHeader\">HISTORIA<\/p>\n<\/div>\n<div class=\"kc-elm kc-css-166689 kc_text_block paheText\"><\/p>\n<p>\n<strong>Historia schroniska pod Barani\u0105 G\u00f3r\u0105<\/strong>\u00a0si\u0119ga jednak znacznie dalej ni\u017c 2015 rok. Pierwszy budynek stoj\u0105cy w miejscu obecnego Schroniska PTTK Przys\u0142op zawdzi\u0119czamy arcyksi\u0119ciu Fryderykowi Habsburgowi, kt\u00f3ry w ko\u0144cu XIX wieku, zarz\u0105dzi\u0142 budow\u0119 drewnianego domku my\u015bliwskiego. Ten powsta\u0142 w 1897 jako baza wypadowa do polowa\u0144 na g\u0142uszce. Nazywany by\u0142 \u201eSchroniskiem u \u0179r\u00f3de\u0142 Wis\u0142y\u201d ze wzgl\u0119du na bliskie po\u0142o\u017cenie \u017ar\u00f3de\u0142 Kr\u00f3lowej Polskich Rzek. Obiekt zosta\u0142 znacznie zdewastowany w 1918 roku, by w 1925 roku zyska\u0107 now\u0105 ods\u0142on\u0119 ju\u017c jako siedziba G\u00f3rno\u015bl\u0105skiego Oddzia\u0142u Polskiego Towarzystwa Tatrza\u0144skiego. Do dzi\u015b w Wi\u015ble przy ulicy Lipowej mo\u017cna zobaczy\u0107 zabytkowy <strong>drewniany pa\u0142acyk my\u015bliwski Habsburg\u00f3w,<\/strong>\u00a0kt\u00f3ry by\u0142 pierwotnym schroniskiem na Przys\u0142opie dzia\u0142aj\u0105cym w latach 1925-1979. Jest to bardzo ciekawa architektonicznie jednopi\u0119trowa, drewniana willa w stylu alpejskim, opasana na wysoko\u015bci 1 pi\u0119tra drewnianym gankiem. Budynek ten\u00a0zosta\u0142 rozebrany, przeniesiony i zrekonstruowany w nowym miejscu. W 1984 roku rozpocz\u0105\u0142 prace specjalny komitet, kt\u00f3rego zadaniem by\u0142o przeniesienie budynku do centrum Wis\u0142y. Ponownego otwarcia w nowej lokalizacji zameczek doczeka\u0142 si\u0119 w 1987 roku. Dzisiaj mie\u015bci si\u0119 w nim Oddzia\u0142 PTTK w Wi\u015ble. Nowe schronisko, w kt\u00f3rym dzisiaj dzia\u0142amy, rozpocz\u0119to budowa\u0107 w 1973 roku.<\/p>\n<p>Nieopodal schroniska znajduje si\u0119 budynek Baraniog\u00f3rskiego O\u015brodka Kultury Turystyki G\u00f3rskiej, w kt\u00f3rym swoj\u0105 siedzib\u0119 znalaz\u0142o\u00a0<span style=\"font-weight: 600;\">Muzeum Turystyki G\u00f3rskiej<\/span>. Obiekt posiada bogat\u0105 kolekcj\u0119 pami\u0105tek zwi\u0105zanych z histori\u0105 Beskidu \u015al\u0105skiego.<\/p>\n<p>W niedalekiej odleg\u0142o\u015bci znajdziemy r\u00f3wnie\u017c\u00a0<span style=\"font-weight: 600;\">najstarszy budynek w Wi\u015ble<\/span>\u00a0&#8211; pochodz\u0105c\u0105 z 1863 roku le\u015bnicz\u00f3wk\u0119, s\u0142u\u017c\u0105c\u0105 dawniej jako miejsce noclegowe dla my\u015bliwych poluj\u0105cych w rejonie Baraniej G\u00f3ry na g\u0142uszce. Od 2013 roku miejsce to pe\u0142ni funkcje\u00a0<span style=\"font-weight: 600;\">Izby Le\u015bnej<\/span>\u00a0z wystaw\u0105 przyrodnicz\u0105 prezentuj\u0105c\u0105 zwierz\u0119ta zamieszkuj\u0105ce okolic\u0119 Polany Przys\u0142upia\u0144skiej.<\/p>\n<p>\n<\/div><\/div><\/div><\/div><\/div><\/section><section class=\"kc-elm kc-css-927804 kc_row pageWhite\"><div class=\"kc-row-container  kc-container  pageGallery\"><div class=\"kc-wrap-columns\"><div class=\"kc-elm kc-css-752299 kc_col-sm-4 kc_column kc_col-sm-4\"><div class=\"kc-col-container\"><div class=\"kc-elm kc-css-205194 kc_shortcode kc_single_image\">\n\n        <img decoding=\"async\" src=\"https:\/\/i0.wp.com\/przyslop.pl\/wp-content\/uploads\/2020\/12\/480x320_Onas_13.jpg?fit=480%2C320&ssl=1\" class=\"\" alt=\"\" \/>    <\/div>\n<\/div><\/div><div class=\"kc-elm kc-css-728244 kc_col-sm-4 kc_column kc_col-sm-4\"><div class=\"kc-col-container\"><div class=\"kc-elm kc-css-968578 kc_shortcode kc_single_image\">\n\n        <img decoding=\"async\" src=\"https:\/\/i0.wp.com\/przyslop.pl\/wp-content\/uploads\/2020\/12\/480x320_Onas_14.jpg?fit=480%2C320&ssl=1\" class=\"\" alt=\"\" \/>    <\/div>\n<\/div><\/div><div class=\"kc-elm kc-css-504240 kc_col-sm-4 kc_column kc_col-sm-4\"><div class=\"kc-col-container\"><div class=\"kc-elm kc-css-437357 kc_shortcode kc_single_image\">\n\n        <img decoding=\"async\" src=\"https:\/\/i0.wp.com\/przyslop.pl\/wp-content\/uploads\/2020\/12\/480x320_Onas_15.jpg?fit=480%2C320&ssl=1\" class=\"\" alt=\"\" \/>    <\/div>\n<\/div><\/div><\/div><\/div><\/section><\/p>\n","protected":false},"excerpt":{"rendered":"","protected":false},"author":2,"featured_media":0,"parent":0,"menu_order":0,"comment_status":"closed","ping_status":"closed","template":"tpl-king_composer.php","meta":{"footnotes":""},"class_list":["post-480","page","type-page","status-publish","hentry"],"jetpack_sharing_enabled":true,"post_mailing_queue_ids":[],"_links":{"self":[{"href":"https:\/\/przyslop.pl\/index.php\/wp-json\/wp\/v2\/pages\/480","targetHints":{"allow":["GET"]}}],"collection":[{"href":"https:\/\/przyslop.pl\/index.php\/wp-json\/wp\/v2\/pages"}],"about":[{"href":"https:\/\/przyslop.pl\/index.php\/wp-json\/wp\/v2\/types\/page"}],"author":[{"embeddable":true,"href":"https:\/\/przyslop.pl\/index.php\/wp-json\/wp\/v2\/users\/2"}],"replies":[{"embeddable":true,"href":"https:\/\/przyslop.pl\/index.php\/wp-json\/wp\/v2\/comments?post=480"}],"version-history":[{"count":3,"href":"https:\/\/przyslop.pl\/index.php\/wp-json\/wp\/v2\/pages\/480\/revisions"}],"predecessor-version":[{"id":7686,"href":"https:\/\/przyslop.pl\/index.php\/wp-json\/wp\/v2\/pages\/480\/revisions\/7686"}],"wp:attachment":[{"href":"https:\/\/przyslop.pl\/index.php\/wp-json\/wp\/v2\/media?parent=480"}],"curies":[{"name":"wp","href":"https:\/\/api.w.org\/{rel}","templated":true}]}}